{"id":5795,"date":"2018-10-08T11:49:26","date_gmt":"2018-10-08T09:49:26","guid":{"rendered":"http:\/\/www.santiago.fr\/villa\/?page_id=5795"},"modified":"2018-10-15T15:27:34","modified_gmt":"2018-10-15T13:27:34","slug":"conditions-generales-de-reservation","status":"publish","type":"page","link":"https:\/\/www.santiago.fr\/villa\/conditions-generales-de-reservation\/","title":{"rendered":"Conditions g\u00e9n\u00e9rales de r\u00e9servation"},"content":{"rendered":"<p>La pr\u00e9sente location est faite aux conditions ordinaires et de droit en pareille mati\u00e8re et notamment \u00e0 celles ci-apr\u00e8s que le preneur s\u2019oblige \u00e0 ex\u00e9cuter, sous peine de tous dommages et int\u00e9r\u00eats et m\u00eame de r\u00e9siliations des pr\u00e9sentes, si bon semble au mandataire et sans pouvoir r\u00e9clamer la diminution du loyer.<\/p>\n<p>a) Il est convenu qu&rsquo;en cas de d\u00e9sistement du locataire :<\/p>\n<p>&#8211; \u00e0 plus d&rsquo;un mois avant la prise d&rsquo;effet du bail, le locataire perd les arrhes vers\u00e9es,<br \/>\n&#8211; \u00e0 moins d&rsquo;un mois avant la prise d&rsquo;effet du bail, le locataire versera en outre la diff\u00e9rence entre les arrhes et l&rsquo;\u00e9quivalent du loyer total, \u00e0 titre de clause p\u00e9nale.<\/p>\n<p>b) Obligation d\u2019occuper les lieux personnellement, de les habiter \u201c en bon p\u00e8re de famille \u201d et de les entretenir. Toutes les installations sont en \u00e9tat de marche et toute r\u00e9clamation les concernant survenant plus de 24 h apr\u00e8s l\u2019entr\u00e9e en jouissance des lieux, ne pourra \u00eatre admise. Les r\u00e9parations rendues n\u00e9cessaires par la n\u00e9gligence ou le mauvais entretien en cours de location, seront \u00e0 la charge du preneur. Obligation de veiller \u00e0 ce que la tranquillit\u00e9 du voisinage ne soit pas troubl\u00e9e par le fait du preneur ou de sa famille.<\/p>\n<p>c) Les locaux sont lou\u00e9s meubl\u00e9s avec mat\u00e9riel de cuisine, vaisselle, verrerie. S\u2019il y a lieu, le propri\u00e9taire ou son repr\u00e9sentant seront en droit de r\u00e9clamer au preneur \u00e0 son d\u00e9part, le prix du nettoyage des locaux lou\u00e9s, la valeur totale au prix de remplacement des objets, mobiliers ou mat\u00e9riels cass\u00e9s, f\u00eal\u00e9s, \u00e9br\u00e9ch\u00e9s ou d\u00e9t\u00e9rior\u00e9s et ceux dont l\u2019usure d\u00e9passerait la normale pour la dur\u00e9e de la location, une indemnit\u00e9 pour les d\u00e9t\u00e9riorations de toute nature concernant les rideaux, papiers peints, plafonds, tapis, moquette, vitres, literie, etc. .<\/p>\n<p>d) Le d\u00e9p\u00f4t de garantie est maintenu contre toute casse et dommages qui pourraient \u00eatre caus\u00e9s par le locataire \u00e0 la maison, aux meubles ou objets du bien lou\u00e9.<br \/>\nLes montants dus seront d\u00e9duits du d\u00e9p\u00f4t de garantie et la diff\u00e9rence retourn\u00e9s au locataire. Si cette somme est insuffisante, le locataire reste redevable de la diff\u00e9rence.<\/p>\n<p>e) Le preneur ne pourra s\u2019opposer \u00e0 la visite des locaux, lorsque le propri\u00e9taire ou son repr\u00e9sentant en feront la demande. sauf s&rsquo;il n&rsquo;y a pas de raisons raisonnables pour le propri\u00e9taire ou son repr\u00e9sentant \u00e0 visiter les locaux. Si un tel motif est survenu, le propri\u00e9taire ou son repr\u00e9sentant doit informer et expliquer la situation au locataire au moins 24 heures avant la visite pr\u00e9vue.<\/p>\n<p>f) Sont inclus dans le prix de la location, le nettoyage du jardin et de la piscine, la consommation d&rsquo;eau et d&rsquo;\u00e9lectricit\u00e9 dans la mesure d\u2019une consommation normale. Le m\u00e9nage de la maison pendant la location restera \u00e0 la charge du locataire.<\/p>\n","protected":false},"excerpt":{"rendered":"<p>La pr\u00e9sente location est faite aux conditions ordinaires et de droit en pareille mati\u00e8re et notamment \u00e0 celles ci-apr\u00e8s que le preneur s\u2019oblige \u00e0 ex\u00e9cuter, sous peine de tous dommages et int\u00e9r\u00eats et m\u00eame de r\u00e9siliations des pr\u00e9sentes, si bon semble au mandataire et sans pouvoir r\u00e9clamer la diminution du [&hellip;]<\/p>\n","protected":false},"author":1,"featured_media":0,"parent":0,"menu_order":0,"comment_status":"closed","ping_status":"closed","template":"","meta":{"_exactmetrics_skip_tracking":false,"_exactmetrics_sitenote_active":false,"_exactmetrics_sitenote_note":"","_exactmetrics_sitenote_category":0,"footnotes":""},"class_list":["post-5795","page","type-page","status-publish","hentry"],"yoast_head":"<!-- This site is optimized with the Yoast SEO plugin v26.7 - https:\/\/yoast.com\/wordpress\/plugins\/seo\/ -->\n<title>Conditions g\u00e9n\u00e9rales de r\u00e9servation - Villa de prestige Ramatuelle<\/title>\n<meta name=\"robots\" content=\"index, follow, max-snippet:-1, max-image-preview:large, max-video-preview:-1\" \/>\n<link rel=\"canonical\" href=\"https:\/\/www.santiago.fr\/villa\/conditions-generales-de-reservation\/\" \/>\n<meta property=\"og:locale\" content=\"fr_FR\" \/>\n<meta property=\"og:type\" content=\"article\" \/>\n<meta property=\"og:title\" content=\"Conditions g\u00e9n\u00e9rales de r\u00e9servation - Villa de prestige Ramatuelle\" \/>\n<meta property=\"og:description\" content=\"La pr\u00e9sente location est faite aux conditions ordinaires et de droit en pareille mati\u00e8re et notamment \u00e0 celles ci-apr\u00e8s que le preneur s\u2019oblige \u00e0 ex\u00e9cuter, sous peine de tous dommages et int\u00e9r\u00eats et m\u00eame de r\u00e9siliations des pr\u00e9sentes, si bon semble au mandataire et sans pouvoir r\u00e9clamer la diminution du [&hellip;]\" \/>\n<meta property=\"og:url\" content=\"https:\/\/www.santiago.fr\/villa\/conditions-generales-de-reservation\/\" \/>\n<meta property=\"og:site_name\" content=\"Villa de prestige Ramatuelle\" \/>\n<meta property=\"article:modified_time\" content=\"2018-10-15T13:27:34+00:00\" \/>\n<meta name=\"twitter:card\" content=\"summary_large_image\" \/>\n<meta name=\"twitter:label1\" content=\"Dur\u00e9e de lecture estim\u00e9e\" \/>\n\t<meta name=\"twitter:data1\" content=\"3 minutes\" \/>\n<script type=\"application\/ld+json\" class=\"yoast-schema-graph\">{\"@context\":\"https:\/\/schema.org\",\"@graph\":[{\"@type\":\"WebPage\",\"@id\":\"https:\/\/www.santiago.fr\/villa\/conditions-generales-de-reservation\/\",\"url\":\"https:\/\/www.santiago.fr\/villa\/conditions-generales-de-reservation\/\",\"name\":\"Conditions g\u00e9n\u00e9rales de r\u00e9servation - Villa de prestige Ramatuelle\",\"isPartOf\":{\"@id\":\"https:\/\/www.santiago.fr\/villa\/#website\"},\"datePublished\":\"2018-10-08T09:49:26+00:00\",\"dateModified\":\"2018-10-15T13:27:34+00:00\",\"breadcrumb\":{\"@id\":\"https:\/\/www.santiago.fr\/villa\/conditions-generales-de-reservation\/#breadcrumb\"},\"inLanguage\":\"fr-FR\",\"potentialAction\":[{\"@type\":\"ReadAction\",\"target\":[\"https:\/\/www.santiago.fr\/villa\/conditions-generales-de-reservation\/\"]}]},{\"@type\":\"BreadcrumbList\",\"@id\":\"https:\/\/www.santiago.fr\/villa\/conditions-generales-de-reservation\/#breadcrumb\",\"itemListElement\":[{\"@type\":\"ListItem\",\"position\":1,\"name\":\"Accueil\",\"item\":\"https:\/\/www.santiago.fr\/villa\/\"},{\"@type\":\"ListItem\",\"position\":2,\"name\":\"Conditions g\u00e9n\u00e9rales de r\u00e9servation\"}]},{\"@type\":\"WebSite\",\"@id\":\"https:\/\/www.santiago.fr\/villa\/#website\",\"url\":\"https:\/\/www.santiago.fr\/villa\/\",\"name\":\"Villa de prestige Ramatuelle\",\"description\":\"\",\"potentialAction\":[{\"@type\":\"SearchAction\",\"target\":{\"@type\":\"EntryPoint\",\"urlTemplate\":\"https:\/\/www.santiago.fr\/villa\/?s={search_term_string}\"},\"query-input\":{\"@type\":\"PropertyValueSpecification\",\"valueRequired\":true,\"valueName\":\"search_term_string\"}}],\"inLanguage\":\"fr-FR\"}]}<\/script>\n<!-- \/ Yoast SEO plugin. -->","yoast_head_json":{"title":"Conditions g\u00e9n\u00e9rales de r\u00e9servation - Villa de prestige Ramatuelle","robots":{"index":"index","follow":"follow","max-snippet":"max-snippet:-1","max-image-preview":"max-image-preview:large","max-video-preview":"max-video-preview:-1"},"canonical":"https:\/\/www.santiago.fr\/villa\/conditions-generales-de-reservation\/","og_locale":"fr_FR","og_type":"article","og_title":"Conditions g\u00e9n\u00e9rales de r\u00e9servation - Villa de prestige Ramatuelle","og_description":"La pr\u00e9sente location est faite aux conditions ordinaires et de droit en pareille mati\u00e8re et notamment \u00e0 celles ci-apr\u00e8s que le preneur s\u2019oblige \u00e0 ex\u00e9cuter, sous peine de tous dommages et int\u00e9r\u00eats et m\u00eame de r\u00e9siliations des pr\u00e9sentes, si bon semble au mandataire et sans pouvoir r\u00e9clamer la diminution du [&hellip;]","og_url":"https:\/\/www.santiago.fr\/villa\/conditions-generales-de-reservation\/","og_site_name":"Villa de prestige Ramatuelle","article_modified_time":"2018-10-15T13:27:34+00:00","twitter_card":"summary_large_image","twitter_misc":{"Dur\u00e9e de lecture estim\u00e9e":"3 minutes"},"schema":{"@context":"https:\/\/schema.org","@graph":[{"@type":"WebPage","@id":"https:\/\/www.santiago.fr\/villa\/conditions-generales-de-reservation\/","url":"https:\/\/www.santiago.fr\/villa\/conditions-generales-de-reservation\/","name":"Conditions g\u00e9n\u00e9rales de r\u00e9servation - Villa de prestige Ramatuelle","isPartOf":{"@id":"https:\/\/www.santiago.fr\/villa\/#website"},"datePublished":"2018-10-08T09:49:26+00:00","dateModified":"2018-10-15T13:27:34+00:00","breadcrumb":{"@id":"https:\/\/www.santiago.fr\/villa\/conditions-generales-de-reservation\/#breadcrumb"},"inLanguage":"fr-FR","potentialAction":[{"@type":"ReadAction","target":["https:\/\/www.santiago.fr\/villa\/conditions-generales-de-reservation\/"]}]},{"@type":"BreadcrumbList","@id":"https:\/\/www.santiago.fr\/villa\/conditions-generales-de-reservation\/#breadcrumb","itemListElement":[{"@type":"ListItem","position":1,"name":"Accueil","item":"https:\/\/www.santiago.fr\/villa\/"},{"@type":"ListItem","position":2,"name":"Conditions g\u00e9n\u00e9rales de r\u00e9servation"}]},{"@type":"WebSite","@id":"https:\/\/www.santiago.fr\/villa\/#website","url":"https:\/\/www.santiago.fr\/villa\/","name":"Villa de prestige Ramatuelle","description":"","potentialAction":[{"@type":"SearchAction","target":{"@type":"EntryPoint","urlTemplate":"https:\/\/www.santiago.fr\/villa\/?s={search_term_string}"},"query-input":{"@type":"PropertyValueSpecification","valueRequired":true,"valueName":"search_term_string"}}],"inLanguage":"fr-FR"}]}},"_links":{"self":[{"href":"https:\/\/www.santiago.fr\/villa\/wp-json\/wp\/v2\/pages\/5795","targetHints":{"allow":["GET"]}}],"collection":[{"href":"https:\/\/www.santiago.fr\/villa\/wp-json\/wp\/v2\/pages"}],"about":[{"href":"https:\/\/www.santiago.fr\/villa\/wp-json\/wp\/v2\/types\/page"}],"author":[{"embeddable":true,"href":"https:\/\/www.santiago.fr\/villa\/wp-json\/wp\/v2\/users\/1"}],"replies":[{"embeddable":true,"href":"https:\/\/www.santiago.fr\/villa\/wp-json\/wp\/v2\/comments?post=5795"}],"version-history":[{"count":4,"href":"https:\/\/www.santiago.fr\/villa\/wp-json\/wp\/v2\/pages\/5795\/revisions"}],"predecessor-version":[{"id":5819,"href":"https:\/\/www.santiago.fr\/villa\/wp-json\/wp\/v2\/pages\/5795\/revisions\/5819"}],"wp:attachment":[{"href":"https:\/\/www.santiago.fr\/villa\/wp-json\/wp\/v2\/media?parent=5795"}],"curies":[{"name":"wp","href":"https:\/\/api.w.org\/{rel}","templated":true}]}}